{"id":71591,"date":"2026-06-20T13:56:15","date_gmt":"2026-06-20T11:56:15","guid":{"rendered":"https:\/\/letablisienne.com\/?page_id=71591"},"modified":"2026-06-30T12:46:21","modified_gmt":"2026-06-30T10:46:21","slug":"atelier-deco-couleurs","status":"publish","type":"page","link":"https:\/\/letablisienne.com\/en\/atelier-deco-couleurs\/","title":{"rendered":"Atelier D\u00e9co Couleurs"},"content":{"rendered":"\t\t<div data-elementor-type=\"wp-page\" data-elementor-id=\"71591\" class=\"elementor elementor-71591\">\n\t\t\t\t\t\t<section class=\"elementor-section elementor-top-section elementor-element elementor-element-f89dca3 elementor-section-boxed elementor-section-height-default elementor-section-height-default\" data-id=\"f89dca3\" data-element_type=\"section\" data-e-type=\"section\" data-settings=\"{&quot;background_background&quot;:&quot;classic&quot;}\">\n\t\t\t\t\t\t\t<div class=\"elementor-background-overlay\"><\/div>\n\t\t\t\t\t\t\t<div class=\"elementor-container elementor-column-gap-default\">\n\t\t\t\t\t<div class=\"elementor-column elementor-col-100 elementor-top-column elementor-element elementor-element-210f06b\" data-id=\"210f06b\" data-element_type=\"column\" data-e-type=\"column\">\n\t\t\t<div class=\"elementor-widget-wrap elementor-element-populated\">\n\t\t\t\t\t\t<div class=\"elementor-element elementor-element-7750804 elementor-widget elementor-widget-hub_fancy_heading\" data-id=\"7750804\" data-element_type=\"widget\" data-e-type=\"widget\" data-widget_type=\"hub_fancy_heading.default\">\n\t\t\t\t<div class=\"elementor-widget-container\">\n\t\t\t\t\t\n\t\t<div id=\"ld-fancy-heading-6a9a537dec35e\" class=\"ld-fancy-heading pos-rel\">\n\t\t\t<h1 class=\"ld-fh-element d-inline-block pos-rel  elementor-heading-title lqd-highlight-classic lqd-highlight-grow-left h1\"  > Atelier D\u00e9co Couleurs <\/h1>\t\t<\/div>\n\n\t\t\t\t\t\t<\/div>\n\t\t\t\t<\/div>\n\t\t\t\t<div class=\"elementor-element elementor-element-f4df487 elementor-align-center elementor-widget elementor-widget-ld_button\" data-id=\"f4df487\" data-element_type=\"widget\" data-e-type=\"widget\" data-widget_type=\"ld_button.default\">\n\t\t\t\t<div class=\"elementor-widget-container\">\n\t\t\t\t\t\n\t\t\t<a\n\t\t\t\thref=\"#dates\"class=\"elementor-button btn btn-solid btn-icon-shaped btn-has-label\"\t\t\t>\n\t\t\t\t\t\t\t\t\t<span data-text=\"Voir les prochaines sessions\" class=\"btn-txt\">\n\t\t\t\t\t\tVoir les prochaines sessions\t\t\t\t\t<\/span>\n\t\t\t\t\t\t\t\t\t\t\t<\/a>\n\t\t\t\t\t\t\t<\/div>\n\t\t\t\t<\/div>\n\t\t\t\t\t<\/div>\n\t\t<\/div>\n\t\t\t\t\t<\/div>\n\t\t<\/section>\n\t\t<div class=\"elementor-element elementor-element-abd3a4d e-flex e-con-boxed e-con e-parent\" data-id=\"abd3a4d\" data-element_type=\"container\" data-e-type=\"container\">\n\t\t\t\t\t<div class=\"e-con-inner\">\n\t\t<div class=\"lqd-css-sticky elementor-element elementor-element-7625596 e-con-full e-flex e-con e-child\" style=\"top: auto; top: 100px;\" data-id=\"7625596\" data-element_type=\"container\" data-e-type=\"container\">\n\t\t\t\t<div class=\"elementor-element elementor-element-490de2b elementor-widget elementor-widget-ld_fancy_image\" data-id=\"490de2b\" data-element_type=\"widget\" data-e-type=\"widget\" data-widget_type=\"ld_fancy_image.default\">\n\t\t\t\t<div class=\"elementor-widget-container\">\n\t\t\t\t\t\n\t\t<div class=\"lqd-imggrp-single d-block pos-rel \">\n\t\t\t<div class=\"lqd-imggrp-img-container d-inline-flex pos-rel align-items-center justify-content-center \">\n\t\t\t\t\t\t\t\t<figure class=\"w-100 pos-rel\">\n\t\t\t\t\t<img fetchpriority=\"high\" decoding=\"async\" width=\"1333\" height=\"1333\" src=\"https:\/\/letablisienne.com\/wp-content\/uploads\/2026\/06\/atelier-association-couleurs-mlconfidentiel-e1781957676439.jpg\" class=\"attachment-full size-full wp-image-71603\" alt=\"association de couleurs\" srcset=\"https:\/\/letablisienne.com\/wp-content\/uploads\/2026\/06\/atelier-association-couleurs-mlconfidentiel-e1781957676439.jpg 1333w, https:\/\/letablisienne.com\/wp-content\/uploads\/2026\/06\/atelier-association-couleurs-mlconfidentiel-e1781957676439-300x300.jpg 300w, https:\/\/letablisienne.com\/wp-content\/uploads\/2026\/06\/atelier-association-couleurs-mlconfidentiel-e1781957676439-1024x1024.jpg 1024w, https:\/\/letablisienne.com\/wp-content\/uploads\/2026\/06\/atelier-association-couleurs-mlconfidentiel-e1781957676439-150x150.jpg 150w, https:\/\/letablisienne.com\/wp-content\/uploads\/2026\/06\/atelier-association-couleurs-mlconfidentiel-e1781957676439-12x12.jpg 12w, https:\/\/letablisienne.com\/wp-content\/uploads\/2026\/06\/atelier-association-couleurs-mlconfidentiel-e1781957676439-768x768.jpg 768w, https:\/\/letablisienne.com\/wp-content\/uploads\/2026\/06\/atelier-association-couleurs-mlconfidentiel-e1781957676439-320x320.jpg 320w, https:\/\/letablisienne.com\/wp-content\/uploads\/2026\/06\/atelier-association-couleurs-mlconfidentiel-e1781957676439-760x760.jpg 760w, https:\/\/letablisienne.com\/wp-content\/uploads\/2026\/06\/atelier-association-couleurs-mlconfidentiel-e1781957676439-600x600.jpg 600w, https:\/\/letablisienne.com\/wp-content\/uploads\/2026\/06\/atelier-association-couleurs-mlconfidentiel-e1781957676439-100x100.jpg 100w\" sizes=\"(max-width: 1333px) 100vw, 1333px\" itemprop=\"image\" \/>\t\t\t\t\t\t\t\t\t\t\t\t\t\t\t\t\t\t\t\t\t\t\t\t\t\t\t\t\t<\/figure>\n\t\t\t<\/div>\n\t\t<\/div>\n\n\t\t\t\t\t<\/div>\n\t\t\t\t<\/div>\n\t\t\t\t<div class=\"elementor-element elementor-element-680172a elementor-widget elementor-widget-hub_fancy_heading\" data-id=\"680172a\" data-element_type=\"widget\" data-e-type=\"widget\" data-widget_type=\"hub_fancy_heading.default\">\n\t\t\t\t<div class=\"elementor-widget-container\">\n\t\t\t\t\t\n\t\t<div id=\"ld-fancy-heading-6a9a537df11c3\" class=\"ld-fancy-heading pos-rel\">\n\t\t\t<h2 class=\"ld-fh-element d-inline-block pos-rel  elementor-heading-title lqd-highlight-classic lqd-highlight-grow-left h2\"  > Infos pratiques<\/h2>\t\t<\/div>\n\n\t\t\t\t\t\t<\/div>\n\t\t\t\t<\/div>\n\t\t\t\t<div class=\"elementor-element elementor-element-cfa26bc elementor-align-left elementor-widget elementor-widget-ld_button\" data-id=\"cfa26bc\" data-element_type=\"widget\" data-e-type=\"widget\" data-widget_type=\"ld_button.default\">\n\t\t\t\t<div class=\"elementor-widget-container\">\n\t\t\t\t\t\n\t\t\t<a\n\t\t\t\tclass=\"elementor-button btn btn-naked btn-icon-left btn-has-label\"\t\t\t>\n\t\t\t\t\t\t\t\t\t<span data-text=\"Prix : 149\u20ac\" class=\"btn-txt\">\n\t\t\t\t\t\tPrix : 149\u20ac\t\t\t\t\t<\/span>\n\t\t\t\t\t\t\t\t\t\t\t\t\t\t<span class=\"btn-icon\">\n\t\t\t\t\t\t\t<svg aria-hidden=\"true\" class=\"e-font-icon-svg e-fas-euro-sign\" viewBox=\"0 0 320 512\" xmlns=\"http:\/\/www.w3.org\/2000\/svg\"><path d=\"M310.706 413.765c-1.314-6.63-7.835-10.872-14.424-9.369-10.692 2.439-27.422 5.413-45.426 5.413-56.763 0-101.929-34.79-121.461-85.449h113.689a12 12 0 0 0 11.708-9.369l6.373-28.36c1.686-7.502-4.019-14.631-11.708-14.631H115.22c-1.21-14.328-1.414-28.287.137-42.245H261.95a12 12 0 0 0 11.723-9.434l6.512-29.755c1.638-7.484-4.061-14.566-11.723-14.566H130.184c20.633-44.991 62.69-75.03 117.619-75.03 14.486 0 28.564 2.25 37.851 4.145 6.216 1.268 12.347-2.498 14.002-8.623l11.991-44.368c1.822-6.741-2.465-13.616-9.326-14.917C290.217 34.912 270.71 32 249.635 32 152.451 32 74.03 92.252 45.075 176H12c-6.627 0-12 5.373-12 12v29.755c0 6.627 5.373 12 12 12h21.569c-1.009 13.607-1.181 29.287-.181 42.245H12c-6.627 0-12 5.373-12 12v28.36c0 6.627 5.373 12 12 12h30.114C67.139 414.692 145.264 480 249.635 480c26.301 0 48.562-4.544 61.101-7.788 6.167-1.595 10.027-7.708 8.788-13.957l-8.818-44.49z\"><\/path><\/svg>\t\t\t\t\t\t<\/span>\n\t\t\t\t\t\t\t\t\t<\/a>\n\t\t\t\t\t\t\t<\/div>\n\t\t\t\t<\/div>\n\t\t\t\t<div class=\"elementor-element elementor-element-56f8418 elementor-align-left elementor-widget elementor-widget-ld_button\" data-id=\"56f8418\" data-element_type=\"widget\" data-e-type=\"widget\" data-widget_type=\"ld_button.default\">\n\t\t\t\t<div class=\"elementor-widget-container\">\n\t\t\t\t\t\n\t\t\t<a\n\t\t\t\tclass=\"elementor-button btn btn-naked btn-icon-left btn-has-label\"\t\t\t>\n\t\t\t\t\t\t\t\t\t<span data-text=\"Dur\u00e9e : 3h\" class=\"btn-txt\">\n\t\t\t\t\t\tDur\u00e9e : 3h\t\t\t\t\t<\/span>\n\t\t\t\t\t\t\t\t\t\t\t\t\t\t<span class=\"btn-icon\">\n\t\t\t\t\t\t\t<svg aria-hidden=\"true\" class=\"e-font-icon-svg e-fas-clock\" viewBox=\"0 0 512 512\" xmlns=\"http:\/\/www.w3.org\/2000\/svg\"><path d=\"M256,8C119,8,8,119,8,256S119,504,256,504,504,393,504,256,393,8,256,8Zm92.49,313h0l-20,25a16,16,0,0,1-22.49,2.5h0l-67-49.72a40,40,0,0,1-15-31.23V112a16,16,0,0,1,16-16h32a16,16,0,0,1,16,16V256l58,42.5A16,16,0,0,1,348.49,321Z\"><\/path><\/svg>\t\t\t\t\t\t<\/span>\n\t\t\t\t\t\t\t\t\t<\/a>\n\t\t\t\t\t\t\t<\/div>\n\t\t\t\t<\/div>\n\t\t\t\t<div class=\"elementor-element elementor-element-a1f0554 elementor-widget elementor-widget-hub_fancy_heading\" data-id=\"a1f0554\" data-element_type=\"widget\" data-e-type=\"widget\" data-widget_type=\"hub_fancy_heading.default\">\n\t\t\t\t<div class=\"elementor-widget-container\">\n\t\t\t\t\t\n\t\t<div id=\"ld-fancy-heading-6a9a537df3a1d\" class=\"ld-fancy-heading pos-rel\">\n\t\t\t<p class=\"ld-fh-element d-inline-block pos-rel  lqd-highlight-classic lqd-highlight-grow-left p\"  > Th\u00e8me : Conception, Dessin<\/p>\t\t<\/div>\n\n\t\t\t\t\t\t<\/div>\n\t\t\t\t<\/div>\n\t\t\t\t<div class=\"elementor-element elementor-element-6aae821 elementor-widget elementor-widget-hub_fancy_heading\" data-id=\"6aae821\" data-element_type=\"widget\" data-e-type=\"widget\" data-widget_type=\"hub_fancy_heading.default\">\n\t\t\t\t<div class=\"elementor-widget-container\">\n\t\t\t\t\t\n\t\t<div id=\"ld-fancy-heading-6a9a537df421f\" class=\"ld-fancy-heading pos-rel\">\n\t\t\t<p class=\"ld-fh-element d-inline-block pos-rel  lqd-highlight-classic lqd-highlight-grow-left p\"  > Langues du cours : Fran\u00e7ais<\/p>\t\t<\/div>\n\n\t\t\t\t\t\t<\/div>\n\t\t\t\t<\/div>\n\t\t\t\t<div class=\"elementor-element elementor-element-e1a7546 elementor-widget elementor-widget-hub_fancy_heading\" data-id=\"e1a7546\" data-element_type=\"widget\" data-e-type=\"widget\" data-widget_type=\"hub_fancy_heading.default\">\n\t\t\t\t<div class=\"elementor-widget-container\">\n\t\t\t\t\t\n\t\t<div id=\"ld-fancy-heading-6a9a537e007a1\" class=\"ld-fancy-heading pos-rel\">\n\t\t\t<p class=\"ld-fh-element d-inline-block pos-rel  lqd-highlight-classic lqd-highlight-grow-left p\"  > Public : Adultes, Ados<\/p>\t\t<\/div>\n\n\t\t\t\t\t\t<\/div>\n\t\t\t\t<\/div>\n\t\t\t\t<div class=\"elementor-element elementor-element-01860ae elementor-widget elementor-widget-hub_fancy_heading\" data-id=\"01860ae\" data-element_type=\"widget\" data-e-type=\"widget\" data-widget_type=\"hub_fancy_heading.default\">\n\t\t\t\t<div class=\"elementor-widget-container\">\n\t\t\t\t\t\n\t\t<div id=\"ld-fancy-heading-6a9a537e00f3e\" class=\"ld-fancy-heading pos-rel\">\n\t\t\t<p class=\"ld-fh-element d-inline-block pos-rel  lqd-highlight-classic lqd-highlight-grow-left p\"  > Cat\u00e9gorie cadeau : G<\/p>\t\t<\/div>\n\n\t\t\t\t\t\t<\/div>\n\t\t\t\t<\/div>\n\t\t\t\t<div class=\"elementor-element elementor-element-2e8b4cd elementor-widget elementor-widget-ld_button\" data-id=\"2e8b4cd\" data-element_type=\"widget\" data-e-type=\"widget\" data-widget_type=\"ld_button.default\">\n\t\t\t\t<div class=\"elementor-widget-container\">\n\t\t\t\t\t\n\t\t\t<a\n\t\t\t\thref=\"\/a-propos\/#acces\" target=\"_blank\"class=\"elementor-button btn btn-solid btn-icon-shaped btn-has-label\"\t\t\t>\n\t\t\t\t\t\t\t\t\t<span data-text=\"Acc\u00e8s et accessibilit\u00e9\" class=\"btn-txt\">\n\t\t\t\t\t\tAcc\u00e8s et accessibilit\u00e9\t\t\t\t\t<\/span>\n\t\t\t\t\t\t\t\t\t\t\t<\/a>\n\t\t\t\t\t\t\t<\/div>\n\t\t\t\t<\/div>\n\t\t\t\t<\/div>\n\t\t<div class=\"elementor-element elementor-element-6512537 e-con-full e-flex e-con e-child\" data-id=\"6512537\" data-element_type=\"container\" data-e-type=\"container\">\n\t\t<div class=\"elementor-element elementor-element-64ab258 e-con-full e-flex e-con e-child\" data-id=\"64ab258\" data-element_type=\"container\" data-e-type=\"container\">\n\t\t\t\t<div class=\"elementor-element elementor-element-413833d elementor-widget elementor-widget-hub_fancy_heading\" data-id=\"413833d\" data-element_type=\"widget\" data-e-type=\"widget\" data-widget_type=\"hub_fancy_heading.default\">\n\t\t\t\t<div class=\"elementor-widget-container\">\n\t\t\t\t\t\n\t\t<div id=\"ld-fancy-heading-6a9a537e02563\" class=\"ld-fancy-heading pos-rel\">\n\t\t\t<h2 class=\"ld-fh-element d-inline-block pos-rel  elementor-heading-title lqd-highlight-classic lqd-highlight-grow-left h2\"  > Description du cours<\/h2>\t\t<\/div>\n\n\t\t\t\t\t\t<\/div>\n\t\t\t\t<\/div>\n\t\t\t\t<div class=\"elementor-element elementor-element-3019584 elementor-widget elementor-widget-hub_fancy_heading\" data-id=\"3019584\" data-element_type=\"widget\" data-e-type=\"widget\" data-widget_type=\"hub_fancy_heading.default\">\n\t\t\t\t<div class=\"elementor-widget-container\">\n\t\t\t\t\t\n\t\t<div id=\"ld-fancy-heading-6a9a537e02ce1\" class=\"ld-fancy-heading pos-rel\">\n\t\t\t<h3 class=\"ld-fh-element d-inline-block pos-rel  elementor-heading-title lqd-highlight-classic lqd-highlight-grow-left h3\"  > Atelier D\u00e9co Couleurs : apprendre \u00e0 associer couleurs et mati\u00e8res dans son int\u00e9rieur<\/h3>\t\t<\/div>\n\n\t\t\t\t\t\t<\/div>\n\t\t\t\t<\/div>\n\t\t\t\t<div class=\"elementor-element elementor-element-b87db13 elementor-widget elementor-widget-text-editor\" data-id=\"b87db13\" data-element_type=\"widget\" data-e-type=\"widget\" data-widget_type=\"text-editor.default\">\n\t\t\t\t\t\t\t\t\t<p>Vous souhaitez apprendre \u00e0 harmoniser les couleurs, les mati\u00e8res et les styles dans votre int\u00e9rieur ?<br \/>Cet atelier d\u2019architecture int\u00e9rieure vous accompagne pour comprendre les bases de la d\u00e9coration et apprendre \u00e0 cr\u00e9er une ambiance coh\u00e9rente, \u00e9l\u00e9gante et adapt\u00e9e \u00e0 votre lieu de vie.<\/p><p>\u00c0 travers diff\u00e9rents exercices pratiques et manipulations, vous d\u00e9couvrirez comment composer une harmonie color\u00e9e, associer les mati\u00e8res, choisir les bonnes teintes et mieux r\u00e9partir les couleurs dans votre int\u00e9rieur.<\/p><p>Accessible \u00e0 tous, cet atelier anim\u00e9 par <a href=\"https:\/\/www.leblogdecodemlc.com\/\" target=\"_blank\" rel=\"noopener\">Marie-Laure<\/a>, s\u2019adresse aussi bien aux passionn\u00e9s de d\u00e9coration qu\u2019aux personnes en plein projet d\u2019am\u00e9nagement ou de r\u00e9novation.<\/p><h4>Contenu et objectifs<\/h4><p>Cet atelier met l\u2019accent sur la compr\u00e9hension des couleurs et leur application concr\u00e8te dans l\u2019habitat.<\/p><p>Vous apprendrez \u00e0 :<\/p><ul><li>d\u00e9finir votre univers d\u00e9coratif et vos pr\u00e9f\u00e9rences esth\u00e9tiques<\/li><li>associer les couleurs et les mati\u00e8res avec harmonie<\/li><li>comprendre les effets des couleurs sur les volumes et les ambiances<\/li><li>choisir les bonnes teintes selon les pi\u00e8ces et leur fonction<\/li><li>cr\u00e9er une palette adapt\u00e9e \u00e0 votre int\u00e9rieur<\/li><li>mieux r\u00e9partir les couleurs dans un espace<\/li><li>identifier les \u00e9l\u00e9ments architecturaux \u00e0 mettre en valeur<\/li><\/ul><p>Une partie de l\u2019atelier est consacr\u00e9e \u00e0 la mise en pratique \u00e0 travers la cr\u00e9ation de votre propre harmonie d\u00e9corative.<\/p><h4>D\u00e9roul\u00e9 de l&rsquo;atelier<\/h4><ul><li>Introduction aux harmonies color\u00e9es et aux associations de mati\u00e8res<\/li><li>Exercices pratiques et d\u00e9finition de votre univers d\u00e9coratif<\/li><li>M\u00e9thodologie et construction d\u2019une palette coh\u00e9rente<\/li><li>Application des couleurs dans l\u2019habitat<\/li><li>Mise en pratique sur votre projet personnel<\/li><li>\u00c9changes et conseils personnalis\u00e9s<\/li><\/ul><h4>A l&rsquo;issue de l&rsquo;atelier<\/h4><p>Vous repartirez avec :<\/p><ul><li>une meilleure compr\u00e9hension des couleurs et des harmonies<\/li><li>des outils concrets pour faire les bons choix d\u00e9coratifs<\/li><li>des pistes adapt\u00e9es \u00e0 votre propre int\u00e9rieur<\/li><li>un livret r\u00e9capitulatif de l\u2019atelier<\/li><\/ul><p>Apporter des photos de l\u2019ensemble de l\u2019int\u00e9rieur ainsi qu&rsquo;un plan 2d id\u00e9alement (m\u00eame trac\u00e9 \u00e0 la main ) et des\u00a0 photos de la pi\u00e8ce projet.<\/p><h4>A noter<\/h4><ul><li>Atelier en petit comit\u00e9<\/li><li>Aucun pr\u00e9requis n\u00e9cessaire<\/li><li>Accessible aux d\u00e9butants comme aux passionn\u00e9s de d\u00e9coration<\/li><\/ul><p><strong>Apporter des photos de l\u2019ensemble de l\u2019int\u00e9rieur, imp\u00e9rativement le plan cot\u00e9 (m\u00eame trac\u00e9 \u00e0 la main) et photo de la pi\u00e8ce projet<\/strong><\/p>\t\t\t\t\t\t\t\t<\/div>\n\t\t\t\t<\/div>\n\t\t<div class=\"elementor-element elementor-element-7eb2987 e-con-full e-flex e-con e-child\" data-id=\"7eb2987\" data-element_type=\"container\" data-e-type=\"container\">\n\t\t\t\t<\/div>\n\t\t<div class=\"elementor-element elementor-element-67b7f7f e-con-full e-flex e-con e-child\" data-id=\"67b7f7f\" data-element_type=\"container\" data-e-type=\"container\">\n\t\t\t\t<div class=\"elementor-element elementor-element-9bbdbdc elementor-absolute elementor-widget elementor-widget-menu-anchor\" data-id=\"9bbdbdc\" data-element_type=\"widget\" data-e-type=\"widget\" data-settings=\"{&quot;_position&quot;:&quot;absolute&quot;}\" data-widget_type=\"menu-anchor.default\">\n\t\t\t\t\t\t\t<div class=\"elementor-menu-anchor\" id=\"dates\"><\/div>\n\t\t\t\t\t\t<\/div>\n\t\t\t\t<div class=\"elementor-element elementor-element-318e0f5 elementor-widget elementor-widget-hub_fancy_heading\" data-id=\"318e0f5\" data-element_type=\"widget\" data-e-type=\"widget\" data-widget_type=\"hub_fancy_heading.default\">\n\t\t\t\t<div class=\"elementor-widget-container\">\n\t\t\t\t\t\n\t\t<div id=\"ld-fancy-heading-6a9a537e05567\" class=\"ld-fancy-heading pos-rel\">\n\t\t\t<h2 class=\"ld-fh-element d-inline-block pos-rel  elementor-heading-title lqd-highlight-classic lqd-highlight-grow-left h2\"  > Les prochaines sessions<\/h2>\t\t<\/div>\n\n\t\t\t\t\t\t<\/div>\n\t\t\t\t<\/div>\n\t\t\t\t<div class=\"elementor-element elementor-element-a8fd3b4 elementor-widget elementor-widget-ameliaeventslistbooking\" data-id=\"a8fd3b4\" data-element_type=\"widget\" data-e-type=\"widget\" data-widget_type=\"ameliaeventslistbooking.default\">\n\t\t\t\t<div class=\"elementor-widget-container\">\n\t\t\t\t\t<script>\n  if (typeof hasAmeliaEvent === 'undefined') {\n    var hasAmeliaEvent = true;\n  }\n  if (typeof hasEventApiCall === 'undefined' && ('' === '' && '' === '' && '' !== '1')) {\n    var hasEventApiCall = true;\n  }\n  var hasEventShortcode = (typeof hasEventShortcode === 'undefined') ? false : true;\n  var ameliaShortcodeData = (typeof ameliaShortcodeData === 'undefined') ? [] : ameliaShortcodeData;\n  ameliaShortcodeData.push(\n    {\n      'hasApiCall': (typeof hasEventApiCall !== 'undefined') && hasEventApiCall,\n      'trigger': '',\n      'trigger_type': '',\n      'triggered_form': 'elf',\n      'in_dialog': '',\n      'counter': '1000',\n      'employee': '',\n      'eventId': '',\n      'eventRecurring': 0,\n      'eventTag': \"{D\u00e9co Couleur}\",\n      'locationId': \"\",\n      'range': \"\",\n      'ivy': '',\n    }\n  );\n  var ameliaShortcodeDataTriggered = (typeof ameliaShortcodeDataTriggered === 'undefined') ? [] : ameliaShortcodeDataTriggered;\n  if (ameliaShortcodeData[ameliaShortcodeData.length - 1].trigger !== '' || ameliaShortcodeData[ameliaShortcodeData.length - 1].ivy !== '') {\n    if (ameliaShortcodeDataTriggered.filter(a => a.counter === ameliaShortcodeData[ameliaShortcodeData.length - 1].counter).length === 0) {\n      ameliaShortcodeDataTriggered.push(ameliaShortcodeData.pop());\n    } else {\n      ameliaShortcodeData.pop()\n    }\n  }\n  if (typeof hasEventApiCall !== 'undefined' && hasEventApiCall) {\n    hasEventApiCall = false;\n  }\n<\/script>\n\n<div\n  id=\"amelia-v2-booking-1000\"\n  class=\"amelia-v2-booking\"\n>\n    <events-list-form-wrapper><\/div>\n\t\t\t\t<\/div>\n\t\t\t\t<\/div>\n\t\t\t\t<\/div>\n\t\t<div class=\"elementor-element elementor-element-6c33d8c e-con-full e-flex e-con e-child\" data-id=\"6c33d8c\" data-element_type=\"container\" data-e-type=\"container\" data-settings=\"{&quot;background_background&quot;:&quot;classic&quot;}\">\n\t\t\t\t<div class=\"elementor-element elementor-element-77d0606 elementor-widget elementor-widget-hub_fancy_heading\" data-id=\"77d0606\" data-element_type=\"widget\" data-e-type=\"widget\" data-widget_type=\"hub_fancy_heading.default\">\n\t\t\t\t<div class=\"elementor-widget-container\">\n\t\t\t\t\t\n\t\t<div id=\"ld-fancy-heading-6a9a537f55c15\" class=\"ld-fancy-heading pos-rel\">\n\t\t\t<h2 class=\"ld-fh-element d-inline-block pos-rel  elementor-heading-title lqd-highlight-classic lqd-highlight-grow-left h2\"  > Atelier sur-mesure<\/h2>\t\t<\/div>\n\n\t\t\t\t\t\t<\/div>\n\t\t\t\t<\/div>\n\t\t\t\t<div class=\"elementor-element elementor-element-e3b29ac elementor-widget elementor-widget-text-editor\" data-id=\"e3b29ac\" data-element_type=\"widget\" data-e-type=\"widget\" data-widget_type=\"text-editor.default\">\n\t\t\t\t\t\t\t\t\t<p>Vous \u00eates un groupe, nous pouvons programmer une session sur mesure ; vous \u00eates seul pourquoi ne pas envisager un cours particulier !<\/p><p>Vous pouvez \u00e9galement retrouver dans le\u00a0<a href=\"\/calendrier-des-cours\/\">calendrier<\/a>, l\u2019ensemble des prochains cours et stages programm\u00e9s.<\/p>\t\t\t\t\t\t\t\t<\/div>\n\t\t<div class=\"elementor-element elementor-element-10b9ca0 e-con-full e-flex e-con e-child\" data-id=\"10b9ca0\" data-element_type=\"container\" data-e-type=\"container\">\n\t\t\t\t<div class=\"elementor-element elementor-element-458d246 elementor-align-left elementor-widget elementor-widget-ld_button\" data-id=\"458d246\" data-element_type=\"widget\" data-e-type=\"widget\" data-widget_type=\"ld_button.default\">\n\t\t\t\t<div class=\"elementor-widget-container\">\n\t\t\t\t\t\n\t\t\t<a\n\t\t\t\thref=\"\/calendrier-des-cours\/\" target=\"_blank\"class=\"elementor-button btn btn-solid btn-icon-shaped btn-has-label\"\t\t\t>\n\t\t\t\t\t\t\t\t\t<span data-text=\"Voir le calendrier\" class=\"btn-txt\">\n\t\t\t\t\t\tVoir le calendrier\t\t\t\t\t<\/span>\n\t\t\t\t\t\t\t\t\t\t\t<\/a>\n\t\t\t\t\t\t\t<\/div>\n\t\t\t\t<\/div>\n\t\t\t\t<div class=\"elementor-element elementor-element-f62119c elementor-widget elementor-widget-ld_button\" data-id=\"f62119c\" data-element_type=\"widget\" data-e-type=\"widget\" data-widget_type=\"ld_button.default\">\n\t\t\t\t<div class=\"elementor-widget-container\">\n\t\t\t\t\t\n\t\t\t<a\n\t\t\t\thref=\"\/contact\/\" target=\"_blank\"class=\"elementor-button btn btn-solid btn-icon-shaped btn-has-label\"\t\t\t>\n\t\t\t\t\t\t\t\t\t<span data-text=\"Nous contacter\" class=\"btn-txt\">\n\t\t\t\t\t\tNous contacter\t\t\t\t\t<\/span>\n\t\t\t\t\t\t\t\t\t\t\t<\/a>\n\t\t\t\t\t\t\t<\/div>\n\t\t\t\t<\/div>\n\t\t\t\t<\/div>\n\t\t\t\t<\/div>\n\t\t\t\t<\/div>\n\t\t\t\t\t<\/div>\n\t\t\t\t<\/div>\n\t\t\t\t<\/div>\n\t\t","protected":false},"excerpt":{"rendered":"<p>Atelier D\u00e9co Couleurs Voir les prochaines sessions Infos pratiques Prix : 149\u20ac Dur\u00e9e : 3h Th\u00e8me : Conception, Dessin Langues du cours : Fran\u00e7ais Public : Adultes, Ados Cat\u00e9gorie cadeau : G Acc\u00e8s et accessibilit\u00e9 Description du cours Atelier D\u00e9co Couleurs : apprendre \u00e0 associer couleurs et mati\u00e8res dans son int\u00e9rieur Vous souhaitez apprendre \u00e0 [&hellip;]<\/p>\n","protected":false},"author":1330,"featured_media":0,"parent":0,"menu_order":0,"comment_status":"closed","ping_status":"closed","template":"","meta":{"footnotes":""},"class_list":["post-71591","page","type-page","status-publish","hentry"],"yoast_head":"<!-- This site is optimized with the Yoast SEO plugin v28.4 - https:\/\/yoast.com\/product\/yoast-seo-wordpress\/ -->\n<title>Apprendre le dessin | L\u2019\u00c9tablisienne \u2013 Atelier \u00e0 Paris 12<\/title>\n<meta name=\"description\" content=\"Apprenez le dessin avec la m\u00e9thode \u00ab cerveau droit \u00bb : exp\u00e9rimentez, comprenez, appliquez. Exercices guid\u00e9s, premiers croquis.\" \/>\n<meta name=\"robots\" content=\"index, follow, max-snippet:-1, max-image-preview:large, max-video-preview:-1\" \/>\n<link rel=\"canonical\" href=\"https:\/\/letablisienne.com\/en\/atelier-deco-couleurs\/\" \/>\n<meta property=\"og:locale\" content=\"en_GB\" \/>\n<meta property=\"og:type\" content=\"article\" \/>\n<meta property=\"og:title\" content=\"Apprendre le dessin | L\u2019\u00c9tablisienne \u2013 Atelier \u00e0 Paris 12\" \/>\n<meta property=\"og:description\" content=\"Apprenez le dessin avec la m\u00e9thode \u00ab cerveau droit \u00bb : exp\u00e9rimentez, comprenez, appliquez. Exercices guid\u00e9s, premiers croquis.\" \/>\n<meta property=\"og:url\" content=\"https:\/\/letablisienne.com\/en\/atelier-deco-couleurs\/\" \/>\n<meta property=\"og:site_name\" content=\"L&#039;\u00c9tablisienne\" \/>\n<meta property=\"article:publisher\" content=\"https:\/\/www.facebook.com\/L.Etablisienne\" \/>\n<meta property=\"article:modified_time\" content=\"2026-06-30T10:46:21+00:00\" \/>\n<meta property=\"og:image\" content=\"https:\/\/letablisienne.com\/wp-content\/uploads\/2026\/06\/atelier-association-couleurs-mlconfidentiel-e1781957676439.jpg\" \/>\n\t<meta property=\"og:image:width\" content=\"1333\" \/>\n\t<meta property=\"og:image:height\" content=\"1333\" \/>\n\t<meta property=\"og:image:type\" content=\"image\/jpeg\" \/>\n<meta name=\"twitter:card\" content=\"summary_large_image\" \/>\n<meta name=\"twitter:label1\" content=\"Estimated reading time\" \/>\n\t<meta name=\"twitter:data1\" content=\"1 minute\" \/>\n<script type=\"application\/ld+json\" class=\"yoast-schema-graph\">{\"@context\":\"https:\\\/\\\/schema.org\",\"@graph\":[{\"@type\":\"WebPage\",\"@id\":\"https:\\\/\\\/letablisienne.com\\\/atelier-deco-couleurs\\\/\",\"url\":\"https:\\\/\\\/letablisienne.com\\\/atelier-deco-couleurs\\\/\",\"name\":\"Apprendre le dessin | L\u2019\u00c9tablisienne \u2013 Atelier \u00e0 Paris 12\",\"isPartOf\":{\"@id\":\"https:\\\/\\\/letablisienne.com\\\/#website\"},\"primaryImageOfPage\":{\"@id\":\"https:\\\/\\\/letablisienne.com\\\/atelier-deco-couleurs\\\/#primaryimage\"},\"image\":{\"@id\":\"https:\\\/\\\/letablisienne.com\\\/atelier-deco-couleurs\\\/#primaryimage\"},\"thumbnailUrl\":\"https:\\\/\\\/letablisienne.com\\\/wp-content\\\/uploads\\\/2026\\\/06\\\/atelier-association-couleurs-mlconfidentiel-e1781957676439.jpg\",\"datePublished\":\"2026-06-20T11:56:15+00:00\",\"dateModified\":\"2026-06-30T10:46:21+00:00\",\"description\":\"Apprenez le dessin avec la m\u00e9thode \u00ab cerveau droit \u00bb : exp\u00e9rimentez, comprenez, appliquez. Exercices guid\u00e9s, premiers croquis.\",\"breadcrumb\":{\"@id\":\"https:\\\/\\\/letablisienne.com\\\/atelier-deco-couleurs\\\/#breadcrumb\"},\"inLanguage\":\"en-GB\",\"potentialAction\":[{\"@type\":\"ReadAction\",\"target\":[\"https:\\\/\\\/letablisienne.com\\\/atelier-deco-couleurs\\\/\"]}]},{\"@type\":\"ImageObject\",\"inLanguage\":\"en-GB\",\"@id\":\"https:\\\/\\\/letablisienne.com\\\/atelier-deco-couleurs\\\/#primaryimage\",\"url\":\"https:\\\/\\\/letablisienne.com\\\/wp-content\\\/uploads\\\/2026\\\/06\\\/atelier-association-couleurs-mlconfidentiel-e1781957676439.jpg\",\"contentUrl\":\"https:\\\/\\\/letablisienne.com\\\/wp-content\\\/uploads\\\/2026\\\/06\\\/atelier-association-couleurs-mlconfidentiel-e1781957676439.jpg\"},{\"@type\":\"BreadcrumbList\",\"@id\":\"https:\\\/\\\/letablisienne.com\\\/atelier-deco-couleurs\\\/#breadcrumb\",\"itemListElement\":[{\"@type\":\"ListItem\",\"position\":1,\"name\":\"Accueil\",\"item\":\"https:\\\/\\\/letablisienne.com\\\/\"},{\"@type\":\"ListItem\",\"position\":2,\"name\":\"Atelier D\u00e9co Couleurs\"}]},{\"@type\":\"WebSite\",\"@id\":\"https:\\\/\\\/letablisienne.com\\\/#website\",\"url\":\"https:\\\/\\\/letablisienne.com\\\/\",\"name\":\"L'\u00c9tablisienne\",\"description\":\"Ateliers et bureaux pour fabriquer soi-m\u00eame \u00e0 Paris\",\"publisher\":{\"@id\":\"https:\\\/\\\/letablisienne.com\\\/#organization\"},\"potentialAction\":[{\"@type\":\"SearchAction\",\"target\":{\"@type\":\"EntryPoint\",\"urlTemplate\":\"https:\\\/\\\/letablisienne.com\\\/?s={search_term_string}\"},\"query-input\":{\"@type\":\"PropertyValueSpecification\",\"valueRequired\":true,\"valueName\":\"search_term_string\"}}],\"inLanguage\":\"en-GB\"},{\"@type\":\"Organization\",\"@id\":\"https:\\\/\\\/letablisienne.com\\\/#organization\",\"name\":\"L'\u00c9tablisienne\",\"url\":\"https:\\\/\\\/letablisienne.com\\\/\",\"logo\":{\"@type\":\"ImageObject\",\"inLanguage\":\"en-GB\",\"@id\":\"https:\\\/\\\/letablisienne.com\\\/#\\\/schema\\\/logo\\\/image\\\/\",\"url\":\"https:\\\/\\\/letablisienne.com\\\/wp-content\\\/uploads\\\/2021\\\/11\\\/LETABLISIENNE_WEB_sans-fond_1.png\",\"contentUrl\":\"https:\\\/\\\/letablisienne.com\\\/wp-content\\\/uploads\\\/2021\\\/11\\\/LETABLISIENNE_WEB_sans-fond_1.png\",\"width\":499,\"height\":84,\"caption\":\"L'\u00c9tablisienne\"},\"image\":{\"@id\":\"https:\\\/\\\/letablisienne.com\\\/#\\\/schema\\\/logo\\\/image\\\/\"},\"sameAs\":[\"https:\\\/\\\/www.facebook.com\\\/L.Etablisienne\",\"https:\\\/\\\/www.instagram.com\\\/letablisienne\",\"https:\\\/\\\/fr.pinterest.com\\\/letablisienne\\\/\"]}]}<\/script>\n<!-- \/ Yoast SEO plugin. -->","yoast_head_json":{"title":"Apprendre le dessin | L\u2019\u00c9tablisienne \u2013 Atelier \u00e0 Paris 12","description":"Apprenez le dessin avec la m\u00e9thode \u00ab cerveau droit \u00bb : exp\u00e9rimentez, comprenez, appliquez. Exercices guid\u00e9s, premiers croquis.","robots":{"index":"index","follow":"follow","max-snippet":"max-snippet:-1","max-image-preview":"max-image-preview:large","max-video-preview":"max-video-preview:-1"},"canonical":"https:\/\/letablisienne.com\/en\/atelier-deco-couleurs\/","og_locale":"en_GB","og_type":"article","og_title":"Apprendre le dessin | L\u2019\u00c9tablisienne \u2013 Atelier \u00e0 Paris 12","og_description":"Apprenez le dessin avec la m\u00e9thode \u00ab cerveau droit \u00bb : exp\u00e9rimentez, comprenez, appliquez. Exercices guid\u00e9s, premiers croquis.","og_url":"https:\/\/letablisienne.com\/en\/atelier-deco-couleurs\/","og_site_name":"L&#039;\u00c9tablisienne","article_publisher":"https:\/\/www.facebook.com\/L.Etablisienne","article_modified_time":"2026-06-30T10:46:21+00:00","og_image":[{"width":1333,"height":1333,"url":"https:\/\/letablisienne.com\/wp-content\/uploads\/2026\/06\/atelier-association-couleurs-mlconfidentiel-e1781957676439.jpg","type":"image\/jpeg"}],"twitter_card":"summary_large_image","twitter_misc":{"Estimated reading time":"1 minute"},"schema":{"@context":"https:\/\/schema.org","@graph":[{"@type":"WebPage","@id":"https:\/\/letablisienne.com\/atelier-deco-couleurs\/","url":"https:\/\/letablisienne.com\/atelier-deco-couleurs\/","name":"Apprendre le dessin | L\u2019\u00c9tablisienne \u2013 Atelier \u00e0 Paris 12","isPartOf":{"@id":"https:\/\/letablisienne.com\/#website"},"primaryImageOfPage":{"@id":"https:\/\/letablisienne.com\/atelier-deco-couleurs\/#primaryimage"},"image":{"@id":"https:\/\/letablisienne.com\/atelier-deco-couleurs\/#primaryimage"},"thumbnailUrl":"https:\/\/letablisienne.com\/wp-content\/uploads\/2026\/06\/atelier-association-couleurs-mlconfidentiel-e1781957676439.jpg","datePublished":"2026-06-20T11:56:15+00:00","dateModified":"2026-06-30T10:46:21+00:00","description":"Apprenez le dessin avec la m\u00e9thode \u00ab cerveau droit \u00bb : exp\u00e9rimentez, comprenez, appliquez. Exercices guid\u00e9s, premiers croquis.","breadcrumb":{"@id":"https:\/\/letablisienne.com\/atelier-deco-couleurs\/#breadcrumb"},"inLanguage":"en-GB","potentialAction":[{"@type":"ReadAction","target":["https:\/\/letablisienne.com\/atelier-deco-couleurs\/"]}]},{"@type":"ImageObject","inLanguage":"en-GB","@id":"https:\/\/letablisienne.com\/atelier-deco-couleurs\/#primaryimage","url":"https:\/\/letablisienne.com\/wp-content\/uploads\/2026\/06\/atelier-association-couleurs-mlconfidentiel-e1781957676439.jpg","contentUrl":"https:\/\/letablisienne.com\/wp-content\/uploads\/2026\/06\/atelier-association-couleurs-mlconfidentiel-e1781957676439.jpg"},{"@type":"BreadcrumbList","@id":"https:\/\/letablisienne.com\/atelier-deco-couleurs\/#breadcrumb","itemListElement":[{"@type":"ListItem","position":1,"name":"Accueil","item":"https:\/\/letablisienne.com\/"},{"@type":"ListItem","position":2,"name":"Atelier D\u00e9co Couleurs"}]},{"@type":"WebSite","@id":"https:\/\/letablisienne.com\/#website","url":"https:\/\/letablisienne.com\/","name":"L'\u00c9tablisienne","description":"Ateliers et bureaux pour fabriquer soi-m\u00eame \u00e0 Paris","publisher":{"@id":"https:\/\/letablisienne.com\/#organization"},"potentialAction":[{"@type":"SearchAction","target":{"@type":"EntryPoint","urlTemplate":"https:\/\/letablisienne.com\/?s={search_term_string}"},"query-input":{"@type":"PropertyValueSpecification","valueRequired":true,"valueName":"search_term_string"}}],"inLanguage":"en-GB"},{"@type":"Organization","@id":"https:\/\/letablisienne.com\/#organization","name":"L'\u00c9tablisienne","url":"https:\/\/letablisienne.com\/","logo":{"@type":"ImageObject","inLanguage":"en-GB","@id":"https:\/\/letablisienne.com\/#\/schema\/logo\/image\/","url":"https:\/\/letablisienne.com\/wp-content\/uploads\/2021\/11\/LETABLISIENNE_WEB_sans-fond_1.png","contentUrl":"https:\/\/letablisienne.com\/wp-content\/uploads\/2021\/11\/LETABLISIENNE_WEB_sans-fond_1.png","width":499,"height":84,"caption":"L'\u00c9tablisienne"},"image":{"@id":"https:\/\/letablisienne.com\/#\/schema\/logo\/image\/"},"sameAs":["https:\/\/www.facebook.com\/L.Etablisienne","https:\/\/www.instagram.com\/letablisienne","https:\/\/fr.pinterest.com\/letablisienne\/"]}]}},"_links":{"self":[{"href":"https:\/\/letablisienne.com\/en\/wp-json\/wp\/v2\/pages\/71591","targetHints":{"allow":["GET"]}}],"collection":[{"href":"https:\/\/letablisienne.com\/en\/wp-json\/wp\/v2\/pages"}],"about":[{"href":"https:\/\/letablisienne.com\/en\/wp-json\/wp\/v2\/types\/page"}],"author":[{"embeddable":true,"href":"https:\/\/letablisienne.com\/en\/wp-json\/wp\/v2\/users\/1330"}],"replies":[{"embeddable":true,"href":"https:\/\/letablisienne.com\/en\/wp-json\/wp\/v2\/comments?post=71591"}],"version-history":[{"count":18,"href":"https:\/\/letablisienne.com\/en\/wp-json\/wp\/v2\/pages\/71591\/revisions"}],"predecessor-version":[{"id":71858,"href":"https:\/\/letablisienne.com\/en\/wp-json\/wp\/v2\/pages\/71591\/revisions\/71858"}],"wp:attachment":[{"href":"https:\/\/letablisienne.com\/en\/wp-json\/wp\/v2\/media?parent=71591"}],"curies":[{"name":"wp","href":"https:\/\/api.w.org\/{rel}","templated":true}]}}